{"id":7730,"date":"2020-05-14T14:23:20","date_gmt":"2020-05-14T13:23:20","guid":{"rendered":"https:\/\/www.eurocontainerslf.it\/?post_type=product&#038;p=7730"},"modified":"2021-07-16T12:24:22","modified_gmt":"2021-07-16T11:24:22","slug":"mini-compacteur-modele-multibenne","status":"publish","type":"product","link":"https:\/\/www.eurocontainerslf.it\/?product=mini-compacteur-modele-multibenne&lang=fr","title":{"rendered":"mini-compacteur mod\u00e8le multibenne"},"content":{"rendered":"<h3>Opzioni<\/h3>\n<table class=\"gray-table-lc-sx\" width=\"100%\" cellspacing=\"1\" cellpadding=\"2\">\n<tbody>\n<tr>\n<td valign=\"middle\" width=\"170\">L\u00e8ve-conteneur<\/td>\n<td>L\u00e8ve-conteneur integr\u00e9.<\/td>\n<\/tr>\n<tr>\n<td>Crochet<\/td>\n<td>Crochet de chargement compl\u00e9mentaire.<\/td>\n<\/tr>\n<tr>\n<td>Rouleau<\/td>\n<td>Rouleaux de coulissement<\/td>\n<\/tr>\n<\/tbody>\n<\/table>\n","protected":false},"excerpt":{"rendered":"<p>Le mini-compacteur mod\u00e8le multibenne est id\u00e9ale pour qui souhaite travailler en espaces \u00e9troits avec un syst\u00e8me de transport alternative au crochet ampliroll.<\/p>\n<p>Ce mod\u00e8le est dou\u00e9 d\u2019un bouton-poussoir de commande lat\u00e9rale compacte et simplifi\u00e9e, l\u2019ouverture de la couverture de la tr\u00e9mie de chargement est facilit\u00e9 \u00e0 travers de l\u2019utilisation des amortisseurs \u00e0 gaz.<\/p>\n<p>La fermeture arri\u00e8re basculante \u00e0 gravit\u00e9 avec mors avec actionnement \u00e0 cliquet manuel garantit une \u00e9vacuation des d\u00e9chets rapide et s\u00e9curis\u00e9, facilit\u00e9 aussi par la g\u00e9om\u00e9trie tronco-pyramidale de la structure.<\/p>\n","protected":false},"featured_media":7712,"template":"","meta":[],"product_cat":[1323,534],"product_tag":[811],"_links":{"self":[{"href":"https:\/\/www.eurocontainerslf.it\/index.php?rest_route=\/wp\/v2\/product\/7730"}],"collection":[{"href":"https:\/\/www.eurocontainerslf.it\/index.php?rest_route=\/wp\/v2\/product"}],"about":[{"href":"https:\/\/www.eurocontainerslf.it\/index.php?rest_route=\/wp\/v2\/types\/product"}],"version-history":[{"count":0,"href":"https:\/\/www.eurocontainerslf.it\/index.php?rest_route=\/wp\/v2\/product\/7730\/revisions"}],"wp:featuredmedia":[{"embeddable":true,"href":"https:\/\/www.eurocontainerslf.it\/index.php?rest_route=\/wp\/v2\/media\/7712"}],"wp:attachment":[{"href":"https:\/\/www.eurocontainerslf.it\/index.php?rest_route=%2Fwp%2Fv2%2Fmedia&parent=7730"}],"wp:term":[{"taxonomy":"product_cat","embeddable":true,"href":"https:\/\/www.eurocontainerslf.it\/index.php?rest_route=%2Fwp%2Fv2%2Fproduct_cat&post=7730"},{"taxonomy":"product_tag","embeddable":true,"href":"https:\/\/www.eurocontainerslf.it\/index.php?rest_route=%2Fwp%2Fv2%2Fproduct_tag&post=7730"}],"curies":[{"name":"wp","href":"https:\/\/api.w.org\/{rel}","templated":true}]}}